{"id":327,"date":"2023-03-28T11:42:17","date_gmt":"2023-03-28T09:42:17","guid":{"rendered":"https:\/\/www.sarceabogados.es\/accesibilidad-2\/"},"modified":"2023-08-06T18:06:21","modified_gmt":"2023-08-06T16:06:21","slug":"accesibilidad","status":"publish","type":"page","link":"https:\/\/www.sarceabogados.es\/fr\/accessibilite\/","title":{"rendered":"Accessibilit\u00e9"},"content":{"rendered":"<div data-elementor-type=\"wp-page\" data-elementor-id=\"327\" class=\"elementor elementor-327\" data-elementor-post-type=\"page\">\n\t\t\t\t\t\t<section class=\"elementor-section elementor-top-section elementor-element elementor-element-6ed19c73 elementor-section-full_width elementor-section-height-default elementor-section-height-default\" data-id=\"6ed19c73\" data-element_type=\"section\" data-settings=\"{&quot;background_background&quot;:&quot;classic&quot;,&quot;background_motion_fx_motion_fx_scrolling&quot;:&quot;yes&quot;,&quot;background_motion_fx_devices&quot;:[&quot;desktop&quot;,&quot;tablet&quot;,&quot;mobile&quot;]}\">\n\t\t\t\t\t\t\t<div class=\"elementor-background-overlay\"><\/div>\n\t\t\t\t\t\t\t<div class=\"elementor-container elementor-column-gap-no\">\n\t\t\t\t\t<div class=\"elementor-column elementor-col-100 elementor-top-column elementor-element elementor-element-66f841c7\" data-id=\"66f841c7\" data-element_type=\"column\" data-settings=\"{&quot;background_background&quot;:&quot;classic&quot;}\">\n\t\t\t<div class=\"elementor-widget-wrap elementor-element-populated\">\n\t\t\t\t\t\t<div class=\"elementor-element elementor-element-3a8ee56 elementor-widget__width-auto elementor-mobile-align-center elementor-widget-mobile__width-auto elementor-widget elementor-widget-breadcrumbs\" data-id=\"3a8ee56\" data-element_type=\"widget\" data-widget_type=\"breadcrumbs.default\">\n\t\t\t\t<div class=\"elementor-widget-container\">\n\t\t\t\t\t<p id=\"breadcrumbs\"><span><span><a href=\"https:\/\/www.sarceabogados.es\/fr\">D\u00e9but<\/a><\/span><\/span><\/p>\t\t\t\t<\/div>\n\t\t\t\t<\/div>\n\t\t\t\t<div class=\"elementor-element elementor-element-182ddd14 elementor-invisible elementor-widget elementor-widget-heading\" data-id=\"182ddd14\" data-element_type=\"widget\" data-settings=\"{&quot;_animation&quot;:&quot;fadeInLeft&quot;}\" data-widget_type=\"heading.default\">\n\t\t\t\t<div class=\"elementor-widget-container\">\n\t\t\t\t\t<h1 class=\"elementor-heading-title elementor-size-default\">ACCESSIBILIT\u00c9<\/h1>\t\t\t\t<\/div>\n\t\t\t\t<\/div>\n\t\t\t\t<div class=\"elementor-element elementor-element-ecf3d88 elementor-widget elementor-widget-text-editor\" data-id=\"ecf3d88\" data-element_type=\"widget\" data-widget_type=\"text-editor.default\">\n\t\t\t\t<div class=\"elementor-widget-container\">\n\t\t\t\t\t\t\t\t\t<p style=\"text-align: center;\">D\u00e9claration responsable d&#039;accessibilit\u00e9 de ce site Internet conform\u00e9ment \u00e0 la r\u00e9glementation en vigueur<\/p>\t\t\t\t\t\t\t\t<\/div>\n\t\t\t\t<\/div>\n\t\t\t\t\t<\/div>\n\t\t<\/div>\n\t\t\t\t\t<\/div>\n\t\t<\/section>\n\t\t\t\t<section class=\"elementor-section elementor-top-section elementor-element elementor-element-abec499 elementor-section-boxed elementor-section-height-default elementor-section-height-default\" data-id=\"abec499\" data-element_type=\"section\">\n\t\t\t\t\t\t<div class=\"elementor-container elementor-column-gap-default\">\n\t\t\t\t\t<div class=\"elementor-column elementor-col-100 elementor-top-column elementor-element elementor-element-e256f19\" data-id=\"e256f19\" data-element_type=\"column\">\n\t\t\t<div class=\"elementor-widget-wrap elementor-element-populated\">\n\t\t\t\t\t\t<div class=\"elementor-element elementor-element-edff494 elementor-widget elementor-widget-text-editor\" data-id=\"edff494\" data-element_type=\"widget\" data-widget_type=\"text-editor.default\">\n\t\t\t\t<div class=\"elementor-widget-container\">\n\t\t\t\t\t\t\t\t\t<p><strong>AVOCATS SARCE<\/strong> se ha comprometido a proporcionar una experiencia de sitio web totalmente accesible para todos los usuarios, incluidos aquellos que dependen de tecnolog\u00edas de asistencia como lectores de pantalla, software de ampliaci\u00f3n de pantalla y dispositivos de entrada de teclado alternativos para navegar por la web, de conformidad avec lui <a class=\"ext\" href=\"https:\/\/www.boe.es\/diario_boe\/txt.php?id=BOE-A-2018-12699\" target=\"_blank\" rel=\"noopener noreferrer\" data-extlink=\"\">D\u00e9cret royal 1112\/2018, du 7 septembre, sur l&#039;accessibilit\u00e9 des sites Web et des applications pour appareils mobiles du secteur public.<\/a><\/p><p>Cette d\u00e9claration d&#039;accessibilit\u00e9 s&#039;applique au site Web : www.sarceabogados.es<\/p>\t\t\t\t\t\t\t\t<\/div>\n\t\t\t\t<\/div>\n\t\t\t\t<div class=\"elementor-element elementor-element-f21067f elementor-invisible elementor-widget elementor-widget-heading\" data-id=\"f21067f\" data-element_type=\"widget\" data-settings=\"{&quot;_animation&quot;:&quot;fadeIn&quot;}\" data-widget_type=\"heading.default\">\n\t\t\t\t<div class=\"elementor-widget-container\">\n\t\t\t\t\t<h2 class=\"elementor-heading-title elementor-size-default\">SITUATION DE CONFORMIT\u00c9<\/h2>\t\t\t\t<\/div>\n\t\t\t\t<\/div>\n\t\t\t\t<div class=\"elementor-element elementor-element-752f7ed elementor-widget elementor-widget-text-editor\" data-id=\"752f7ed\" data-element_type=\"widget\" data-widget_type=\"text-editor.default\">\n\t\t\t\t<div class=\"elementor-widget-container\">\n\t\t\t\t\t\t\t\t\t<p>Ce site Internet est partiellement conforme au RD 1112\/2018 en raison des exceptions et du manque de conformit\u00e9 des aspects indiqu\u00e9s dans le point suivant.<\/p>\t\t\t\t\t\t\t\t<\/div>\n\t\t\t\t<\/div>\n\t\t\t\t<div class=\"elementor-element elementor-element-0ad2d91 elementor-invisible elementor-widget elementor-widget-heading\" data-id=\"0ad2d91\" data-element_type=\"widget\" data-settings=\"{&quot;_animation&quot;:&quot;fadeIn&quot;}\" data-widget_type=\"heading.default\">\n\t\t\t\t<div class=\"elementor-widget-container\">\n\t\t\t\t\t<h2 class=\"elementor-heading-title elementor-size-default\">CONTENU NON ACCESSIBLE<\/h2>\t\t\t\t<\/div>\n\t\t\t\t<\/div>\n\t\t\t\t<div class=\"elementor-element elementor-element-be62138 elementor-widget elementor-widget-text-editor\" data-id=\"be62138\" data-element_type=\"widget\" data-widget_type=\"text-editor.default\">\n\t\t\t\t<div class=\"elementor-widget-container\">\n\t\t\t\t\t\t\t\t\t<p><span style=\"color: var( --e-global-color-text ); font-family: var( --e-global-typography-text-font-family ), Sans-serif; font-size: var( --e-global-typography-text-font-size ); font-weight: var( --e-global-typography-text-font-weight );\">Le contenu collect\u00e9 ci-dessous n&#039;est pas accessible pour les raisons suivantes\u00a0:<\/span><\/p><h3 style=\"padding-left: 40px;\">Non-respect du RD 1112\/2018<\/h3><p style=\"padding-left: 40px;\">Il se peut que des documents bureautiques au format PDF et dans d&#039;autres formats publi\u00e9s apr\u00e8s le 20 septembre 2018 ne soient pas enti\u00e8rement conformes aux exigences en mati\u00e8re d&#039;accessibilit\u00e9. Des documents enti\u00e8rement accessibles peuvent \u00eatre demand\u00e9s depuis le formulaire de contact pour formaliser les r\u00e9clamations et les questions.<\/p><p style=\"padding-left: 40px;\">Il peut y avoir des erreurs de code d&#039;\u00e9dition sp\u00e9cifiques sur certaines pages Web. [4.1.1 Traitement]<\/p><h3 style=\"padding-left: 40px;\">Le contenu n&#039;entre pas dans le champ d&#039;application de la l\u00e9gislation applicable<\/h3><p style=\"padding-left: 40px;\">Il peut y avoir des fichiers bureautiques au format PDF ou dans d&#039;autres formats publi\u00e9s avant le 20 septembre 2018 qui ne respectent pas enti\u00e8rement toutes les exigences en mati\u00e8re d&#039;accessibilit\u00e9. Bien que des efforts aient \u00e9t\u00e9 faits pour garantir que la majorit\u00e9 d\u2019entre eux s\u2019y conforment.<\/p>\t\t\t\t\t\t\t\t<\/div>\n\t\t\t\t<\/div>\n\t\t\t\t<div class=\"elementor-element elementor-element-1eec215 elementor-invisible elementor-widget elementor-widget-heading\" data-id=\"1eec215\" data-element_type=\"widget\" data-settings=\"{&quot;_animation&quot;:&quot;fadeIn&quot;}\" data-widget_type=\"heading.default\">\n\t\t\t\t<div class=\"elementor-widget-container\">\n\t\t\t\t\t<h2 class=\"elementor-heading-title elementor-size-default\">CONTENU OPTIONNEL<\/h2>\t\t\t\t<\/div>\n\t\t\t\t<\/div>\n\t\t\t\t<div class=\"elementor-element elementor-element-1a8df97 elementor-widget elementor-widget-text-editor\" data-id=\"1a8df97\" data-element_type=\"widget\" data-widget_type=\"text-editor.default\">\n\t\t\t\t<div class=\"elementor-widget-container\">\n\t\t\t\t\t\t\t\t\t<p><span style=\"color: var( --e-global-color-text ); font-family: var( --e-global-typography-text-font-family ), Sans-serif; font-size: var( --e-global-typography-text-font-size ); font-weight: var( --e-global-typography-text-font-weight );\">Ce site Web est con\u00e7u pour pouvoir modifier la taille et la couleur du texte, ainsi que l&#039;arri\u00e8re-plan de la page \u00e0 l&#039;aide des param\u00e8tres standard du navigateur.<\/span><\/p>\n<p>Si vous souhaitez modifier la taille de la police du texte dans les principaux navigateurs graphiques, utilisez les menus suivants :<\/p>\n<ul>\n<li>Internet Explorer, Mozilla et Firefox\u00a0: Affichage &gt; Taille du texte<\/li>\n<li>Opera\u00a0:\u00a0Affichage\u00a0&gt;\u00a0Zoom<\/li>\n<li>Safari\u00a0:\u00a0Affichage\u00a0&gt; Agrandir le texte<\/li>\n<li>Chrome\u00a0:\u00a0Contr\u00f4ler la page actuelle &gt; Taille du textePour modifier la taille de tout ce qui se trouve sur la page\u00a0:<\/li>\n<li>Ctrl + + pour l&#039;augmenter<\/li><li>Ctrl + \u2013 pour le diminuer<\/li><li>Ctrl + 0 restaure la taille du texte d&#039;origine<\/li><li>Si vous souhaitez remplacer la feuille de style ou modifier la couleur du texte, vous pouvez consulter la page <span lang=\"en\" style=\"background-color: transparent; color: var( --e-global-color-text ); font-family: var( --e-global-typography-text-font-family ), Sans-serif; font-weight: var( --e-global-typography-text-font-weight );\">Comment modifier la taille ou les couleurs du texte WAI<\/span><span style=\"background-color: transparent; color: var( --e-global-color-text ); font-family: var( --e-global-typography-text-font-family ), Sans-serif; font-weight: var( --e-global-typography-text-font-weight );\">, qui peut \u00eatre lu traduit en espagnol dans Comment changer la taille ou les couleurs du texte ?<\/span><\/li>\n<\/ul>\t\t\t\t\t\t\t\t<\/div>\n\t\t\t\t<\/div>\n\t\t\t\t<div class=\"elementor-element elementor-element-6a1ecad elementor-invisible elementor-widget elementor-widget-heading\" data-id=\"6a1ecad\" data-element_type=\"widget\" data-settings=\"{&quot;_animation&quot;:&quot;fadeIn&quot;}\" data-widget_type=\"heading.default\">\n\t\t\t\t<div class=\"elementor-widget-container\">\n\t\t\t\t\t<h2 class=\"elementor-heading-title elementor-size-default\">FONCTIONNALIT\u00c9S D&#039;ACCESSIBILIT\u00c9 SUR NOTRE SITE WEB<\/h2>\t\t\t\t<\/div>\n\t\t\t\t<\/div>\n\t\t\t\t<div class=\"elementor-element elementor-element-cb48e77 elementor-widget elementor-widget-text-editor\" data-id=\"cb48e77\" data-element_type=\"widget\" data-widget_type=\"text-editor.default\">\n\t\t\t\t<div class=\"elementor-widget-container\">\n\t\t\t\t\t\t\t\t\t<div><span style=\"color: var( --e-global-color-text ); font-family: var( --e-global-typography-text-font-family ), Sans-serif; font-size: var( --e-global-typography-text-font-size ); font-weight: var( --e-global-typography-text-font-weight );\">Mediante el plugin \u00abOne Click Accessibility\u00bb hemos incorporado las siguientes herramientas para mejorar la accesibilidad:<\/span><\/div><ul><li>Modifier la taille de la police (augmenter\/diminuer)<\/li><li>Niveaux de gris<\/li><li>contraste n\u00e9gatif<\/li><li>Contraste \u00e9lev\u00e9<\/li><li>fond clair<\/li><li>Lien soulignant<\/li><li>police lisible par l&#039;homme<\/li><li>Lien vers le plan du site\/les commentaires\/les pages d&#039;aide<\/li><li>Activer le passage au contenu<\/li><li>Ajouter le focus de contour pour les \u00e9l\u00e9ments focalisables<\/li><li>Supprimer l&#039;attribut cible des liens<\/li><li>Ajouter des r\u00f4les de r\u00e9f\u00e9rence \u00e0 tous les liens<\/li><li>Personnalisateur pour l&#039;ajustement du style<\/li><\/ul>\t\t\t\t\t\t\t\t<\/div>\n\t\t\t\t<\/div>\n\t\t\t\t<div class=\"elementor-element elementor-element-38f5d13 elementor-invisible elementor-widget elementor-widget-heading\" data-id=\"38f5d13\" data-element_type=\"widget\" data-settings=\"{&quot;_animation&quot;:&quot;fadeIn&quot;}\" data-widget_type=\"heading.default\">\n\t\t\t\t<div class=\"elementor-widget-container\">\n\t\t\t\t\t<h2 class=\"elementor-heading-title elementor-size-default\">O\u00d9 NOUS AM\u00c9LIORONS<\/h2>\t\t\t\t<\/div>\n\t\t\t\t<\/div>\n\t\t\t\t<div class=\"elementor-element elementor-element-e12c902 elementor-widget elementor-widget-text-editor\" data-id=\"e12c902\" data-element_type=\"widget\" data-widget_type=\"text-editor.default\">\n\t\t\t\t<div class=\"elementor-widget-container\">\n\t\t\t\t\t\t\t\t\t<div><span style=\"color: var( --e-global-color-text ); font-family: var( --e-global-typography-text-font-family ), Sans-serif; font-size: var( --e-global-typography-text-font-size ); font-weight: var( --e-global-typography-text-font-weight );\">Cela fait partie de notre effort plus large visant \u00e0 rendre l&#039;exp\u00e9rience de chacun chez SARCE ABOGADOS accueillante et agr\u00e9able. Veuillez noter que m\u00eame si nous mettons tout en \u0153uvre pour fournir des informations accessibles \u00e0 tous les utilisateurs, nous ne pouvons pas garantir l&#039;accessibilit\u00e9 des sites Web tiers vers lesquels nous pouvons cr\u00e9er des liens.<\/span><\/div>\t\t\t\t\t\t\t\t<\/div>\n\t\t\t\t<\/div>\n\t\t\t\t<div class=\"elementor-element elementor-element-b5a63cd elementor-invisible elementor-widget elementor-widget-heading\" data-id=\"b5a63cd\" data-element_type=\"widget\" data-settings=\"{&quot;_animation&quot;:&quot;fadeIn&quot;}\" data-widget_type=\"heading.default\">\n\t\t\t\t<div class=\"elementor-widget-container\">\n\t\t\t\t\t<h2 class=\"elementor-heading-title elementor-size-default\">ACCESSIBILIT\u00c9 SUPPORT CONTACT<\/h2>\t\t\t\t<\/div>\n\t\t\t\t<\/div>\n\t\t\t\t<div class=\"elementor-element elementor-element-3892aad elementor-widget elementor-widget-text-editor\" data-id=\"3892aad\" data-element_type=\"widget\" data-widget_type=\"text-editor.default\">\n\t\t\t\t<div class=\"elementor-widget-container\">\n\t\t\t\t\t\t\t\t\t<div><span style=\"color: var( --e-global-color-text ); font-family: var( --e-global-typography-text-font-family ), Sans-serif; font-size: var( --e-global-typography-text-font-size ); font-weight: var( --e-global-typography-text-font-weight );\">Damos la bienvenida a comentarios, preguntas y comentarios sobre nuestro sitio web. Si est\u00e1 utilizando tecnolog\u00edas de asistencia y tiene dificultades para usar nuestro sitio web, env\u00ede un correo electr\u00f3nico a info@sarceabogados.es. Haremos todo lo posible para ayudar y resolver los problemas.<\/span><\/div>\t\t\t\t\t\t\t\t<\/div>\n\t\t\t\t<\/div>\n\t\t\t\t\t<\/div>\n\t\t<\/div>\n\t\t\t\t\t<\/div>\n\t\t<\/section>\n\t\t\t\t<section class=\"elementor-section elementor-top-section elementor-element elementor-element-7354cac elementor-section-boxed elementor-section-height-default elementor-section-height-default\" data-id=\"7354cac\" data-element_type=\"section\">\n\t\t\t\t\t\t<div class=\"elementor-container elementor-column-gap-default\">\n\t\t\t\t\t<div class=\"elementor-column elementor-col-100 elementor-top-column elementor-element elementor-element-f07797d\" data-id=\"f07797d\" data-element_type=\"column\">\n\t\t\t<div class=\"elementor-widget-wrap elementor-element-populated\">\n\t\t\t\t\t\t<div class=\"elementor-element elementor-element-e9d3515 elementor-align-center elementor-widget elementor-widget-button\" data-id=\"e9d3515\" data-element_type=\"widget\" data-widget_type=\"button.default\">\n\t\t\t\t<div class=\"elementor-widget-container\">\n\t\t\t\t\t\t\t\t\t<div class=\"elementor-button-wrapper\">\n\t\t\t\t\t<a class=\"elementor-button elementor-button-link elementor-size-md elementor-animation-grow\" href=\"https:\/\/www.sarceabogados.es\/fr\/contact\/\">\n\t\t\t\t\t\t<span class=\"elementor-button-content-wrapper\">\n\t\t\t\t\t\t\t\t\t<span class=\"elementor-button-text\">Demandez plus d&#039;informations<\/span>\n\t\t\t\t\t<\/span>\n\t\t\t\t\t<\/a>\n\t\t\t\t<\/div>\n\t\t\t\t\t\t\t\t<\/div>\n\t\t\t\t<\/div>\n\t\t\t\t\t<\/div>\n\t\t<\/div>\n\t\t\t\t\t<\/div>\n\t\t<\/section>\n\t\t\t\t<\/div>","protected":false},"excerpt":{"rendered":"<p>ACCESIBILIDAD Declaraci\u00f3n responsable de accesibilidad de este sitio web en cumplimiento con la normativa vigente se ha comprometido a proporcionar una experiencia de sitio web totalmente accesible para todos los usuarios, incluidos aquellos que dependen de tecnolog\u00edas de asistencia como lectores de pantalla, software de ampliaci\u00f3n de pantalla y dispositivos de entrada de teclado alternativos [&hellip;]<\/p>","protected":false},"author":4,"featured_media":207,"parent":0,"menu_order":12,"comment_status":"closed","ping_status":"closed","template":"elementor_header_footer","meta":{"footnotes":""},"class_list":["post-327","page","type-page","status-publish","has-post-thumbnail","hentry"],"yoast_head":"<!-- This site is optimized with the Yoast SEO plugin v24.4 - https:\/\/yoast.com\/wordpress\/plugins\/seo\/ -->\n<title>Accesibilidad | Sarce Abogados<\/title>\n<meta name=\"description\" content=\"Ofrecemos opciones personalizadas y cumplimos con est\u00e1ndares de accesibilidad web. Tu experiencia es importante para nosotros.\" \/>\n<meta name=\"robots\" content=\"noindex, nofollow\" \/>\n<meta property=\"og:locale\" content=\"fr_FR\" \/>\n<meta property=\"og:type\" content=\"article\" \/>\n<meta property=\"og:title\" content=\"Accesibilidad | Sarce Abogados\" \/>\n<meta property=\"og:description\" content=\"Ofrecemos opciones personalizadas y cumplimos con est\u00e1ndares de accesibilidad web. Tu experiencia es importante para nosotros.\" \/>\n<meta property=\"og:url\" content=\"https:\/\/www.sarceabogados.es\/fr\/accessibilite\/\" \/>\n<meta property=\"og:site_name\" content=\"Sarce Abogados\" \/>\n<meta property=\"article:modified_time\" content=\"2023-08-06T16:06:21+00:00\" \/>\n<meta property=\"og:image\" content=\"https:\/\/www.sarceabogados.es\/wp-content\/uploads\/2023\/03\/accesibilidad.jpg\" \/>\n\t<meta property=\"og:image:width\" content=\"1700\" \/>\n\t<meta property=\"og:image:height\" content=\"590\" \/>\n\t<meta property=\"og:image:type\" content=\"image\/jpeg\" \/>\n<meta name=\"twitter:card\" content=\"summary_large_image\" \/>\n<script type=\"application\/ld+json\" class=\"yoast-schema-graph\">{\"@context\":\"https:\/\/schema.org\",\"@graph\":[{\"@type\":\"WebPage\",\"@id\":\"https:\/\/www.sarceabogados.es\/accesibilidad\/\",\"url\":\"https:\/\/www.sarceabogados.es\/accesibilidad\/\",\"name\":\"Accesibilidad | Sarce Abogados\",\"isPartOf\":{\"@id\":\"https:\/\/www.sarceabogados.es\/#website\"},\"primaryImageOfPage\":{\"@id\":\"https:\/\/www.sarceabogados.es\/accesibilidad\/#primaryimage\"},\"image\":{\"@id\":\"https:\/\/www.sarceabogados.es\/accesibilidad\/#primaryimage\"},\"thumbnailUrl\":\"https:\/\/www.sarceabogados.es\/wp-content\/uploads\/2023\/03\/accesibilidad.jpg\",\"datePublished\":\"2023-03-28T09:42:17+00:00\",\"dateModified\":\"2023-08-06T16:06:21+00:00\",\"description\":\"Ofrecemos opciones personalizadas y cumplimos con est\u00e1ndares de accesibilidad web. Tu experiencia es importante para nosotros.\",\"breadcrumb\":{\"@id\":\"https:\/\/www.sarceabogados.es\/accesibilidad\/#breadcrumb\"},\"inLanguage\":\"fr-FR\",\"potentialAction\":[{\"@type\":\"ReadAction\",\"target\":[\"https:\/\/www.sarceabogados.es\/accesibilidad\/\"]}]},{\"@type\":\"ImageObject\",\"inLanguage\":\"fr-FR\",\"@id\":\"https:\/\/www.sarceabogados.es\/accesibilidad\/#primaryimage\",\"url\":\"https:\/\/www.sarceabogados.es\/wp-content\/uploads\/2023\/03\/accesibilidad.jpg\",\"contentUrl\":\"https:\/\/www.sarceabogados.es\/wp-content\/uploads\/2023\/03\/accesibilidad.jpg\",\"width\":1700,\"height\":590,\"caption\":\"accesibilidad\"},{\"@type\":\"BreadcrumbList\",\"@id\":\"https:\/\/www.sarceabogados.es\/accesibilidad\/#breadcrumb\",\"itemListElement\":[{\"@type\":\"ListItem\",\"position\":1,\"name\":\"Inicio\",\"item\":\"https:\/\/www.sarceabogados.es\/\"},{\"@type\":\"ListItem\",\"position\":2,\"name\":\"Accesibilidad\"}]},{\"@type\":\"WebSite\",\"@id\":\"https:\/\/www.sarceabogados.es\/#website\",\"url\":\"https:\/\/www.sarceabogados.es\/\",\"name\":\"Sarce Abogados\",\"description\":\"Su abogado de confianza\",\"publisher\":{\"@id\":\"https:\/\/www.sarceabogados.es\/#organization\"},\"potentialAction\":[{\"@type\":\"SearchAction\",\"target\":{\"@type\":\"EntryPoint\",\"urlTemplate\":\"https:\/\/www.sarceabogados.es\/?s={search_term_string}\"},\"query-input\":{\"@type\":\"PropertyValueSpecification\",\"valueRequired\":true,\"valueName\":\"search_term_string\"}}],\"inLanguage\":\"fr-FR\"},{\"@type\":\"Organization\",\"@id\":\"https:\/\/www.sarceabogados.es\/#organization\",\"name\":\"Sarce Abogados\",\"url\":\"https:\/\/www.sarceabogados.es\/\",\"logo\":{\"@type\":\"ImageObject\",\"inLanguage\":\"fr-FR\",\"@id\":\"https:\/\/www.sarceabogados.es\/#\/schema\/logo\/image\/\",\"url\":\"https:\/\/www.sarceabogados.es\/wp-content\/uploads\/2023\/03\/recurso-102a.svg\",\"contentUrl\":\"https:\/\/www.sarceabogados.es\/wp-content\/uploads\/2023\/03\/recurso-102a.svg\",\"width\":198,\"height\":311,\"caption\":\"Sarce Abogados\"},\"image\":{\"@id\":\"https:\/\/www.sarceabogados.es\/#\/schema\/logo\/image\/\"}}]}<\/script>\n<!-- \/ Yoast SEO plugin. -->","yoast_head_json":{"title":"Accesibilidad | Sarce Abogados","description":"Ofrecemos opciones personalizadas y cumplimos con est\u00e1ndares de accesibilidad web. Tu experiencia es importante para nosotros.","robots":{"index":"noindex","follow":"nofollow"},"og_locale":"fr_FR","og_type":"article","og_title":"Accesibilidad | Sarce Abogados","og_description":"Ofrecemos opciones personalizadas y cumplimos con est\u00e1ndares de accesibilidad web. Tu experiencia es importante para nosotros.","og_url":"https:\/\/www.sarceabogados.es\/fr\/accessibilite\/","og_site_name":"Sarce Abogados","article_modified_time":"2023-08-06T16:06:21+00:00","og_image":[{"width":1700,"height":590,"url":"https:\/\/www.sarceabogados.es\/wp-content\/uploads\/2023\/03\/accesibilidad.jpg","type":"image\/jpeg"}],"twitter_card":"summary_large_image","schema":{"@context":"https:\/\/schema.org","@graph":[{"@type":"WebPage","@id":"https:\/\/www.sarceabogados.es\/accesibilidad\/","url":"https:\/\/www.sarceabogados.es\/accesibilidad\/","name":"Accesibilidad | Sarce Abogados","isPartOf":{"@id":"https:\/\/www.sarceabogados.es\/#website"},"primaryImageOfPage":{"@id":"https:\/\/www.sarceabogados.es\/accesibilidad\/#primaryimage"},"image":{"@id":"https:\/\/www.sarceabogados.es\/accesibilidad\/#primaryimage"},"thumbnailUrl":"https:\/\/www.sarceabogados.es\/wp-content\/uploads\/2023\/03\/accesibilidad.jpg","datePublished":"2023-03-28T09:42:17+00:00","dateModified":"2023-08-06T16:06:21+00:00","description":"Ofrecemos opciones personalizadas y cumplimos con est\u00e1ndares de accesibilidad web. Tu experiencia es importante para nosotros.","breadcrumb":{"@id":"https:\/\/www.sarceabogados.es\/accesibilidad\/#breadcrumb"},"inLanguage":"fr-FR","potentialAction":[{"@type":"ReadAction","target":["https:\/\/www.sarceabogados.es\/accesibilidad\/"]}]},{"@type":"ImageObject","inLanguage":"fr-FR","@id":"https:\/\/www.sarceabogados.es\/accesibilidad\/#primaryimage","url":"https:\/\/www.sarceabogados.es\/wp-content\/uploads\/2023\/03\/accesibilidad.jpg","contentUrl":"https:\/\/www.sarceabogados.es\/wp-content\/uploads\/2023\/03\/accesibilidad.jpg","width":1700,"height":590,"caption":"accesibilidad"},{"@type":"BreadcrumbList","@id":"https:\/\/www.sarceabogados.es\/accesibilidad\/#breadcrumb","itemListElement":[{"@type":"ListItem","position":1,"name":"Inicio","item":"https:\/\/www.sarceabogados.es\/"},{"@type":"ListItem","position":2,"name":"Accesibilidad"}]},{"@type":"WebSite","@id":"https:\/\/www.sarceabogados.es\/#website","url":"https:\/\/www.sarceabogados.es\/","name":"Sarce Abogados","description":"Su abogado de confianza","publisher":{"@id":"https:\/\/www.sarceabogados.es\/#organization"},"potentialAction":[{"@type":"SearchAction","target":{"@type":"EntryPoint","urlTemplate":"https:\/\/www.sarceabogados.es\/?s={search_term_string}"},"query-input":{"@type":"PropertyValueSpecification","valueRequired":true,"valueName":"search_term_string"}}],"inLanguage":"fr-FR"},{"@type":"Organization","@id":"https:\/\/www.sarceabogados.es\/#organization","name":"Sarce Abogados","url":"https:\/\/www.sarceabogados.es\/","logo":{"@type":"ImageObject","inLanguage":"fr-FR","@id":"https:\/\/www.sarceabogados.es\/#\/schema\/logo\/image\/","url":"https:\/\/www.sarceabogados.es\/wp-content\/uploads\/2023\/03\/recurso-102a.svg","contentUrl":"https:\/\/www.sarceabogados.es\/wp-content\/uploads\/2023\/03\/recurso-102a.svg","width":198,"height":311,"caption":"Sarce Abogados"},"image":{"@id":"https:\/\/www.sarceabogados.es\/#\/schema\/logo\/image\/"}}]}},"_links":{"self":[{"href":"https:\/\/www.sarceabogados.es\/fr\/wp-json\/wp\/v2\/pages\/327","targetHints":{"allow":["GET"]}}],"collection":[{"href":"https:\/\/www.sarceabogados.es\/fr\/wp-json\/wp\/v2\/pages"}],"about":[{"href":"https:\/\/www.sarceabogados.es\/fr\/wp-json\/wp\/v2\/types\/page"}],"author":[{"embeddable":true,"href":"https:\/\/www.sarceabogados.es\/fr\/wp-json\/wp\/v2\/users\/4"}],"replies":[{"embeddable":true,"href":"https:\/\/www.sarceabogados.es\/fr\/wp-json\/wp\/v2\/comments?post=327"}],"version-history":[{"count":5,"href":"https:\/\/www.sarceabogados.es\/fr\/wp-json\/wp\/v2\/pages\/327\/revisions"}],"predecessor-version":[{"id":1055,"href":"https:\/\/www.sarceabogados.es\/fr\/wp-json\/wp\/v2\/pages\/327\/revisions\/1055"}],"wp:featuredmedia":[{"embeddable":true,"href":"https:\/\/www.sarceabogados.es\/fr\/wp-json\/wp\/v2\/media\/207"}],"wp:attachment":[{"href":"https:\/\/www.sarceabogados.es\/fr\/wp-json\/wp\/v2\/media?parent=327"}],"curies":[{"name":"wp","href":"https:\/\/api.w.org\/{rel}","templated":true}]}}